{"id":1768,"date":"2014-05-30T13:02:00","date_gmt":"2014-05-30T13:02:00","guid":{"rendered":"https:\/\/bice.org\/fr\/histoire-des-droits-de-l-enfant\/"},"modified":"2024-07-24T16:01:16","modified_gmt":"2024-07-24T14:01:16","slug":"histoire-des-droits-de-l-enfant","status":"publish","type":"page","link":"https:\/\/bice.org\/fr\/droits-de-lenfant\/histoire-des-droits-de-l-enfant\/","title":{"rendered":"Histoire des droits de l\u2019enfant"},"content":{"rendered":"<h3 style=\"text-align: justify;\">XIXe si\u00e8cle : l\u2019enfant doit \u00eatre prot\u00e9g\u00e9<\/h3>\n<p style=\"text-align: justify;\">Le XIXe si\u00e8cle marque le d\u00e9but de l\u2019 histoire des droits de l\u2019enfant. Il est consid\u00e9r\u00e9 comme un \u00eatre ayant besoin d\u2019\u00eatre prot\u00e9g\u00e9. Pour la premi\u00e8re fois en Europe, des lois r\u00e9glementent le travail des enfants. Progressivement, diff\u00e9rents textes juridiques encouragent ou rendent obligatoires la scolarisation des jeunes enfants. La soci\u00e9t\u00e9 reconna\u00eet que l\u2019enfant ne peut pas \u00eatre consid\u00e9r\u00e9 comme un adulte.<\/p>\n<h3 style=\"text-align: justify;\">XXe si\u00e8cle : l\u2019enfant devient sujet de droits<\/h3>\n<p style=\"text-align: justify;\">L\u2019histoire des droits de l\u2019enfant s\u2019acc\u00e9l\u00e8re au XXe si\u00e8cle. En 1919, la Soci\u00e9t\u00e9 des Nations (SDN) cr\u00e9e un comit\u00e9 de protection de l\u2019enfance. A peine 5 ans plus tard, elle adopte <a href=\"https:\/\/bice.org\/app\/uploads\/2014\/05\/declaration_de_geneve.pdf\" target=\"_blank\" rel=\"noopener\">la D\u00e9claration de Gen\u00e8ve<\/a>, premier texte international sur les droits sp\u00e9cifiques de l\u2019enfant. Ce texte est inspir\u00e9 des travaux de Janusz Korczak, consid\u00e9r\u00e9 comme le p\u00e8re des droits de l\u2019enfant.<\/p>\n<p style=\"text-align: justify;\">Apr\u00e8s, la Seconde Guerre mondiale, l\u2019histoire des droits de l\u2019enfant conna\u00eet plusieurs \u00e9tapes-cl\u00e9s suite \u00e0 la cr\u00e9ation de l\u2019ONU.<\/p>\n<ul style=\"text-align: justify;\">\n<li><strong>1948 :<\/strong> D\u00e9claration universelle des droits de l\u2019homme, qui stipule que &#8220;la maternit\u00e9 et l\u2019enfance ont droit \u00e0 une aide et \u00e0 une protection sp\u00e9ciales&#8221;. Le BICE est cr\u00e9\u00e9 cette m\u00eame ann\u00e9e.<\/li>\n<li><strong>1959 :<\/strong>\u00a0L\u2019ONU adopte la D\u00e9claration des droits de l\u2019enfant, qui reconna\u00eet l\u2019enfant comme sujet de droits. D\u00e8s cette \u00e9poque, le BICE plaide pour un texte qui aille plus loin et contraigne juridiquement les Etats.<\/li>\n<li><strong>1979 :<\/strong> Ann\u00e9e Internationale de l\u2019Enfant (AIE), sur une impulsion du BICE. L\u2019AIE permet aux droits de l\u2019enfant de commencer \u00e0 se concr\u00e9tiser dans de nombreux pays.<\/li>\n<li><strong>1979-1989 :<\/strong>\u00a0Un groupe d\u2019ONG pilot\u00e9 par le BICE et DEI (D\u00e9fense des Enfants International) contribue aux travaux pr\u00e9paratoires \u00e0 la Convention relative aux droits de l\u2019enfant.<\/li>\n<li><strong>1989 :<\/strong>\u00a0Le 20 novembre, <a title=\"la Convention relative aux droits de l\u2019enfant (CDE)\" href=\"https:\/\/bice.org\/fr\/convention-relative-aux-droits-de-l-enfant\/\" target=\"\" rel=\"noopener\">la Convention relative aux droits de l\u2019enfant (CDE)<\/a> est adopt\u00e9e \u00e0 l\u2019unanimit\u00e9 par l\u2019Assembl\u00e9e g\u00e9n\u00e9rale de l\u2019ONU.<\/li>\n<\/ul>\n<h3 style=\"text-align: justify;\">XXIe si\u00e8cle : vers une application effective des droits de l\u2019enfant ?<\/h3>\n<ul style=\"text-align: justify;\">\n<li><strong>2000 :<\/strong> Renforcement de la CDE avec l\u2019adoption de <a title=\"convention des droits de l'enfant - deux protocoles facultatifs\" href=\"https:\/\/bice.org\/fr\/convention-relative-aux-droits-de-l-enfant\/\" target=\"\" rel=\"noopener\">deux protocoles facultatifs<\/a> sur la vente d\u2019enfants, la prostitution et la pornographie mettant en sc\u00e8ne des enfants, et sur l\u2019implication des enfants dans les conflits arm\u00e9s.<\/li>\n<li><strong>2011 :<\/strong> Adoption du troisi\u00e8me protocole facultatif introduisant une proc\u00e9dure de recours devant le Comit\u00e9 des droits de l\u2019enfant<\/li>\n<li><strong>2024 :<\/strong> 35e anniversaire de la Convention. Elle est aujourd\u2019hui ratifi\u00e9e par 196 Etats membres des Nations unies. Seuls les \u00c9tats-Unis, qui ont sign\u00e9 ce trait\u00e9, ne l\u2019ont pas ratifi\u00e9.<\/li>\n<\/ul>\n<p style=\"text-align: justify;\">Depuis 1991, le Comit\u00e9 des droits de l\u2019enfant de l\u2019ONU surveille de mani\u00e8re continue la mise en \u0153uvre de la CDE. Le BICE, avec d\u2019autres ONG, est associ\u00e9 \u00e0 ce travail.<\/p>\n<p style=\"text-align: justify;\"><a title=\"D\u00e9couvrir nos actions au Comit\u00e9 des droits de l\u2019enfant.\" href=\"https:\/\/bice.org\/fr\/droits-de-lenfant\/comite-des-droits-de-l-enfant\/\" target=\"\" rel=\"noopener\"><strong>D\u00e9couvrir nos actions au Comit\u00e9 des droits de l\u2019enfant<\/strong><\/a><\/p>\n<h3 style=\"text-align: justify;\">Les droits de l\u2019enfant dans l\u2019\u00c9glise catholique<\/h3>\n<p style=\"text-align: justify;\">La doctrine sociale de l\u2019\u00c9glise accorde une grande place \u00e0 l\u2019enfant et aux <a href=\"https:\/\/bice.org\/fr\/droits-de-lenfant\/droits-fondamentaux-de-l-enfant\/\">droits de l&#8217;enfant<\/a>.<\/p>\n<p style=\"text-align: justify;\"><a href=\"http:\/\/www.vatican.va\/roman_curia\/pontifical_councils\/justpeace\/documents\/rc_pc_justpeace_doc_20060526_compendio-dott-soc_fr.html\" target=\"_blank\" rel=\"noopener\">Le paragraphe 244 du Compendium de la doctrine sociale de l\u2019\u00c9glise<\/a> invite \u00e0 prot\u00e9ger sa dignit\u00e9 et ses droits : \u00ab Au sein de la famille, communaut\u00e9 de personnes, une attention tr\u00e8s sp\u00e9ciale sera r\u00e9serv\u00e9e \u00e0 l&#8217;enfant, de fa\u00e7on \u00e0 d\u00e9velopper une profonde estime pour sa dignit\u00e9 personnelle comme aussi un grand respect pour ses droits que l&#8217;on doit servir g\u00e9n\u00e9reusement. Cela vaut pour tous les enfants, mais c&#8217;est d&#8217;autant plus important que l&#8217;enfant est plus jeune, ayant besoin de tout, ou qu&#8217;il est malade, souffrant ou handicap\u00e9. \u00bb<\/p>\n<p style=\"text-align: justify;\">L\u2019\u00c9glise catholique stipule \u00e9galement que \u00ab les droits des enfants doivent \u00eatre prot\u00e9g\u00e9s par des normes juridiques. Avant tout, la reconnaissance publique de la valeur sociale de l&#8217;enfance est n\u00e9cessaire dans tous les pays : aucun pays du monde, aucun syst\u00e8me politique ne peut songer \u00e0 son propre avenir autrement qu&#8217;\u00e0 travers l&#8217;image de ces nouvelles g\u00e9n\u00e9rations. \u00bb<\/p>\n<p>Le pape Fran\u00e7ois annonce en d\u00e9cembre 2023 l&#8217;instauration d&#8217;une Journ\u00e9e mondiale de l&#8217;enfance. La premi\u00e8re est organis\u00e9e \u00e0 Rome les 25 et 26 mai 2024.<\/p>\n\n\n<p><\/p>\n","protected":false},"excerpt":{"rendered":"<p>L\u2019histoire des droits de l\u2019enfant commence au XIXe si\u00e8cle. Auparavant, il n\u2019existe pas de dispositions particuli\u00e8res prot\u00e9geant les enfants. Dans l\u2019Antiquit\u00e9, au Moyen-Age dans certaines r\u00e9gions du monde, les parents ont m\u00eame droit de vie et de mort sur leurs enfants.<\/p>\n","protected":false},"author":1,"featured_media":58314,"parent":22617,"menu_order":0,"comment_status":"closed","ping_status":"closed","template":"","meta":{"_acf_changed":false,"footnotes":""},"class_list":["post-1768","page","type-page","status-publish","has-post-thumbnail","hentry"],"acf":[],"yoast_head":"<!-- This site is optimized with the Yoast SEO plugin v27.2 - https:\/\/yoast.com\/product\/yoast-seo-wordpress\/ -->\n<title>L&#039; Histoire des droits de l\u2019 enfant \u00e0 travers les si\u00e8cles<\/title>\n<meta name=\"description\" content=\"Histoire des droits de l&#039;enfant et son \u00e9volution jusqu&#039;\u00e0 la Convention relative aux droits de l&#039;enfant du 19e si\u00e8cle \u00e0 aujourd&#039;hui.\" \/>\n<meta name=\"robots\" content=\"index, follow, max-snippet:-1, max-image-preview:large, max-video-preview:-1\" \/>\n<link rel=\"canonical\" href=\"https:\/\/bice.org\/fr\/wp-json\/wp\/v2\/pages\/1768\" \/>\n<meta property=\"og:locale\" content=\"fr_FR\" \/>\n<meta property=\"og:type\" content=\"article\" \/>\n<meta property=\"og:title\" content=\"L&#039; Histoire des droits de l\u2019 enfant \u00e0 travers les si\u00e8cles\" \/>\n<meta property=\"og:description\" content=\"Histoire des droits de l&#039;enfant et son \u00e9volution jusqu&#039;\u00e0 la Convention relative aux droits de l&#039;enfant du 19e si\u00e8cle \u00e0 aujourd&#039;hui.\" \/>\n<meta property=\"og:url\" content=\"https:\/\/bice.org\/fr\/droits-de-lenfant\/histoire-des-droits-de-l-enfant\/\" \/>\n<meta property=\"og:site_name\" content=\"BICE - ONG de protection des droits de l&#039;enfant\" \/>\n<meta property=\"article:modified_time\" content=\"2024-07-24T14:01:16+00:00\" \/>\n<meta property=\"og:image\" content=\"https:\/\/i0.wp.com\/bice.org\/app\/uploads\/2021\/05\/TL_ciokapi_050612_7414-e1721829654350.jpg?fit=800%2C465&ssl=1\" \/>\n\t<meta property=\"og:image:width\" content=\"800\" \/>\n\t<meta property=\"og:image:height\" content=\"465\" \/>\n\t<meta property=\"og:image:type\" content=\"image\/jpeg\" \/>\n<meta name=\"twitter:card\" content=\"summary_large_image\" \/>\n<meta name=\"twitter:label1\" content=\"Dur\u00e9e de lecture estim\u00e9e\" \/>\n\t<meta name=\"twitter:data1\" content=\"4 minutes\" \/>\n<!-- \/ Yoast SEO plugin. -->","yoast_head_json":{"title":"L' Histoire des droits de l\u2019 enfant \u00e0 travers les si\u00e8cles","description":"Histoire des droits de l'enfant et son \u00e9volution jusqu'\u00e0 la Convention relative aux droits de l'enfant du 19e si\u00e8cle \u00e0 aujourd'hui.","robots":{"index":"index","follow":"follow","max-snippet":"max-snippet:-1","max-image-preview":"max-image-preview:large","max-video-preview":"max-video-preview:-1"},"canonical":"https:\/\/bice.org\/fr\/wp-json\/wp\/v2\/pages\/1768","og_locale":"fr_FR","og_type":"article","og_title":"L' Histoire des droits de l\u2019 enfant \u00e0 travers les si\u00e8cles","og_description":"Histoire des droits de l'enfant et son \u00e9volution jusqu'\u00e0 la Convention relative aux droits de l'enfant du 19e si\u00e8cle \u00e0 aujourd'hui.","og_url":"https:\/\/bice.org\/fr\/droits-de-lenfant\/histoire-des-droits-de-l-enfant\/","og_site_name":"BICE - ONG de protection des droits de l&#039;enfant","article_modified_time":"2024-07-24T14:01:16+00:00","og_image":[{"width":800,"height":465,"url":"https:\/\/i0.wp.com\/bice.org\/app\/uploads\/2021\/05\/TL_ciokapi_050612_7414-e1721829654350.jpg?fit=800%2C465&ssl=1","type":"image\/jpeg"}],"twitter_card":"summary_large_image","twitter_misc":{"Dur\u00e9e de lecture estim\u00e9e":"4 minutes"},"schema":{"@context":"https:\/\/schema.org","@graph":[{"@type":"WebPage","@id":"https:\/\/bice.org\/fr\/droits-de-lenfant\/histoire-des-droits-de-l-enfant\/","url":"https:\/\/bice.org\/fr\/droits-de-lenfant\/histoire-des-droits-de-l-enfant\/","name":"L' Histoire des droits de l\u2019 enfant \u00e0 travers les si\u00e8cles","isPartOf":{"@id":"https:\/\/bice.org\/fr\/#website"},"primaryImageOfPage":{"@id":"https:\/\/bice.org\/fr\/droits-de-lenfant\/histoire-des-droits-de-l-enfant\/#primaryimage"},"image":{"@id":"https:\/\/bice.org\/fr\/droits-de-lenfant\/histoire-des-droits-de-l-enfant\/#primaryimage"},"thumbnailUrl":"https:\/\/i0.wp.com\/bice.org\/app\/uploads\/2021\/05\/TL_ciokapi_050612_7414-e1721829654350.jpg?fit=800%2C465&ssl=1","datePublished":"2014-05-30T13:02:00+00:00","dateModified":"2024-07-24T14:01:16+00:00","description":"Histoire des droits de l'enfant et son \u00e9volution jusqu'\u00e0 la Convention relative aux droits de l'enfant du 19e si\u00e8cle \u00e0 aujourd'hui.","breadcrumb":{"@id":"https:\/\/bice.org\/fr\/droits-de-lenfant\/histoire-des-droits-de-l-enfant\/#breadcrumb"},"inLanguage":"fr-FR","potentialAction":[{"@type":"ReadAction","target":["https:\/\/bice.org\/fr\/droits-de-lenfant\/histoire-des-droits-de-l-enfant\/"]}]},{"@type":"ImageObject","inLanguage":"fr-FR","@id":"https:\/\/bice.org\/fr\/droits-de-lenfant\/histoire-des-droits-de-l-enfant\/#primaryimage","url":"https:\/\/i0.wp.com\/bice.org\/app\/uploads\/2021\/05\/TL_ciokapi_050612_7414-e1721829654350.jpg?fit=800%2C465&ssl=1","contentUrl":"https:\/\/i0.wp.com\/bice.org\/app\/uploads\/2021\/05\/TL_ciokapi_050612_7414-e1721829654350.jpg?fit=800%2C465&ssl=1","width":800,"height":465,"caption":"\u00a9 T. Louapre"},{"@type":"BreadcrumbList","@id":"https:\/\/bice.org\/fr\/droits-de-lenfant\/histoire-des-droits-de-l-enfant\/#breadcrumb","itemListElement":[{"@type":"ListItem","position":1,"name":"Accueil","item":"https:\/\/bice.org\/fr\/"},{"@type":"ListItem","position":2,"name":"Droits de l&#8217;enfant","item":"https:\/\/bice.org\/fr\/droits-de-lenfant\/"},{"@type":"ListItem","position":3,"name":"Histoire des droits de l\u2019enfant"}]},{"@type":"WebSite","@id":"https:\/\/bice.org\/fr\/#website","url":"https:\/\/bice.org\/fr\/","name":"BICE - ONG de protection des droits de l&#039;enfant","description":"Notre mission : D\u00e9fendre les droits et la dignit\u00e9 des enfants partout dans le monde","publisher":{"@id":"https:\/\/bice.org\/fr\/#organization"},"potentialAction":[{"@type":"SearchAction","target":{"@type":"EntryPoint","urlTemplate":"https:\/\/bice.org\/fr\/?s={search_term_string}"},"query-input":{"@type":"PropertyValueSpecification","valueRequired":true,"valueName":"search_term_string"}}],"inLanguage":"fr-FR"},{"@type":"Organization","@id":"https:\/\/bice.org\/fr\/#organization","name":"BICE","url":"https:\/\/bice.org\/fr\/","logo":{"@type":"ImageObject","inLanguage":"fr-FR","@id":"https:\/\/bice.org\/fr\/#\/schema\/logo\/image\/","url":"https:\/\/bice.org\/app\/uploads\/2022\/06\/favicon.ico","contentUrl":"https:\/\/bice.org\/app\/uploads\/2022\/06\/favicon.ico","width":64,"height":64,"caption":"BICE"},"image":{"@id":"https:\/\/bice.org\/fr\/#\/schema\/logo\/image\/"}}]}},"jetpack_sharing_enabled":true,"_links":{"self":[{"href":"https:\/\/bice.org\/fr\/wp-json\/wp\/v2\/pages\/1768","targetHints":{"allow":["GET"]}}],"collection":[{"href":"https:\/\/bice.org\/fr\/wp-json\/wp\/v2\/pages"}],"about":[{"href":"https:\/\/bice.org\/fr\/wp-json\/wp\/v2\/types\/page"}],"author":[{"embeddable":true,"href":"https:\/\/bice.org\/fr\/wp-json\/wp\/v2\/users\/1"}],"replies":[{"embeddable":true,"href":"https:\/\/bice.org\/fr\/wp-json\/wp\/v2\/comments?post=1768"}],"version-history":[{"count":0,"href":"https:\/\/bice.org\/fr\/wp-json\/wp\/v2\/pages\/1768\/revisions"}],"up":[{"embeddable":true,"href":"https:\/\/bice.org\/fr\/wp-json\/wp\/v2\/pages\/22617"}],"wp:featuredmedia":[{"embeddable":true,"href":"https:\/\/bice.org\/fr\/wp-json\/wp\/v2\/media\/58314"}],"wp:attachment":[{"href":"https:\/\/bice.org\/fr\/wp-json\/wp\/v2\/media?parent=1768"}],"curies":[{"name":"wp","href":"https:\/\/api.w.org\/{rel}","templated":true}]}}