{"id":56236,"date":"2021-03-22T13:34:17","date_gmt":"2021-03-22T12:34:17","guid":{"rendered":"https:\/\/bice.org\/?page_id=56236"},"modified":"2024-09-11T12:50:37","modified_gmt":"2024-09-11T10:50:37","slug":"revues-de-presse-2020","status":"publish","type":"page","link":"https:\/\/bice.org\/fr\/revues-de-presse-2020\/","title":{"rendered":"Revues de presse 2020"},"content":{"rendered":"<p>Pour toute information compl\u00e9mentaire, n\u2019h\u00e9sitez pas \u00e0 nous contacter.<br \/>\nT\u00e9l : 01 53 35 01 00<\/p>\n<h2>Le BICE<\/h2>\n<p>\u00c9GLISE CATHOLIQUE EN FRANCE \u2013 Online \u2013 7 janvier 2020<br \/>\n<a href=\"https:\/\/eglise.catholique.fr\/sengager-dans-la-societe\/culture\/leglise-et-le-cinema\/490425-les-festivals-chretiens-de-cinema\/\"><em>Les festivals de cin\u00e9ma chr\u00e9tien<\/em><\/a><em>&nbsp;<\/em><\/p>\n<p>LILLE AUJOURD\u2019HUI \u2013 Online \u2013 17 janvier 2020<br \/>\n<a href=\"http:\/\/lille.aujourdhui.fr\/etudiant\/sortie\/30eme-anniversaire-de-la-convention-relative-aux-droits-de-l-enfant.html\"><em>30\u00e8me anniversaire de la convention relative aux droits de l&#8217;enfant<\/em><\/a><\/p>\n<p>LA VIE DIOC\u00c9SAINE \u2013 Print \u2013 15 f\u00e9vrier 2020<br \/>\n<em>Journ\u00e9e du jeudi<\/em><\/p>\n<p>AIR FRANCE MAGAZINE \u2013 Print \u2013 28 f\u00e9vrier 2020<br \/>\n<em>Au service de l\u2019enfance<\/em><\/p>\n<p>LE FILM FRAN\u00c7AIS \u2013 Online \u2013 2 mars 2020<br \/>\n<em>France 4 : mobilisation d&#8217;organisations et d&#8217;associations pour obtenir un moratoire<\/em><em>&nbsp;<\/em><\/p>\n<p>SACD \u2013 Online \u2013 2 mars 2020<br \/>\n<a href=\"https:\/\/www.sacd.fr\/lettre-ouverte-aux-parlementaires-sur-france-4\"><em>Lettre ouverte aux parlementaires sur France 4<\/em><\/a><\/p>\n<p>LA VOIX DE LA HAUTE MARNE \u2013 Print \u2013 6 mars 2020<br \/>\n<em>Agenda &#8211; conf\u00e9rence d&#8217;Olivier Duval, pr\u00e9sident du BICE, sur les droits de l&#8217;enfant<\/em><\/p>\n<p>LA VOIX DIOC\u00c9SAINE \u2013 Print \u2013 12 mars 2020<br \/>\n<em>Calendrier &#8211; conf\u00e9rence d&#8217;Olivier Duval, pr\u00e9sident du BICE, sur les droits de l&#8217;enfant<\/em><\/p>\n<p>LA VOIX DIOC\u00c9SAINE \u2013 Print \u2013 12 mars 2020<br \/>\n<em>Un Car\u00eame de joie. Citation de Gaston Courtois (1897-1970), fondateur du Bureau International Catholique de l&#8217;Enfance : \u00ab Es-tu triste ? Cherche autour de toi un service \u00e0 rendre, une mis\u00e8re<br \/>\n\u00e0 soulager, une peine \u00e0 consoler, un espoir \u00e0 raviver, et tu trouveras la joie. \u00bb<\/em><\/p>\n<p>CARENEWS \u2013 Online \u2013 2 juillet 2020<br \/>\n<a href=\"https:\/\/www.carenews.com\/fr\/news\/acteurs-de-l-engagement-yaele-aferiat-directrice-de-l-aff\"><em>[Acteurs de l\u2019engagement] Ya\u00eble Aferiat, directrice de l\u2019AFF<\/em><\/a><\/p>\n<p>MA VILLE GUINGAMP \u2013 Online \u2013 18 juillet 2020 (annonce reprise dans Ouest France)<br \/>\n<a href=\"https:\/\/guingamp.maville.com\/actu\/actudet_-trebeurden.-il-n-y-aura-que-trois-conferenciers-a-culture-et-foi_dep-4189391_actu.Htm\"><em>Tr\u00e9beurden. Il n\u2019y aura que trois conf\u00e9renciers \u00e0 Culture et Foi<\/em><\/a><\/p>\n<p>OUEST FRANCE \u2013 Print \u2013 14 ao\u00fbt 2020<br \/>\n<em>Une conf\u00e9rence sur les violences faites aux enfants<\/em><\/p>\n<p>LE COURRIER DE LA PASTORALE DES MIGRANTS \u2013 Print &#8211; n\u00b0141&nbsp; octobre 2020<br \/>\nGrand angle : <em>Aider les enfants victimes des conflits \u00e0 se reconstruire<\/em><\/p>\n<p><em>&nbsp;<\/em>EL ESPECTADOR \u2013 Online \u2013 4 novembre 2020<br \/>\n<a href=\"https:\/\/www.elespectador.com\/noticias\/nacional\/conferencia-regional-contra-la-violencia-hacia-ninos-ninas-y-adolescentes\/\"><em>\u201cTrazando futuros\u201d, conferencia regional contra la violencia hacia menores de edad<\/em><\/a><\/p>\n<p><em>&nbsp;<\/em>LA CROIX \u2013 Print \u2013 20 novembre 2020 (collectif de la dynamique de la convention aux actes!)<br \/>\n<em>L\u2019itin\u00e9raire caboss\u00e9 d\u2019un enfant plac\u00e9&nbsp;<\/em><\/p>\n<p><em>&nbsp;<\/em>LA NEF \u2013 Print \u2013 1<sup>er<\/sup> d\u00e9cembre 2020<br \/>\n<em>L\u2019Art d\u2019\u00eatre chef <\/em>du P\u00e8re Gaston Courtois (fondateur du BICE)<\/p>\n<p><em>&nbsp;<\/em>PATAPON \u2013 Print \u2013 1<sup>er<\/sup> d\u00e9cembre 2020<br \/>\n<em>Action du BICE au Paraguay aupr\u00e8s des enfants travailleurs<\/em><\/p>\n<p>ABIDJAN NET \u2013 Online \u2013 30 d\u00e9cembre 2020<br \/>\n<a href=\"https:\/\/news.abidjan.net\/h\/685831.html\"><em>Des organisations de droits des enfants sensibilisent sur la justice juv\u00e9nile r\u00e9paratrice<\/em><\/a><\/p>\n<p>AGENCE IVOIRIENNE DE PRESSE \u2013 Online \u2013 30 d\u00e9cembre 2020<br \/>\n<a href=\"https:\/\/aip.ci\/cote-divoire-aip-des-organisations-de-droits-des-enfants-sensibilisent-sur-la-justice-juvenile-reparatrice\/\"><em>Des organisations de droits des enfants sensibilisent sur la justice juv\u00e9nile r\u00e9paratrice<\/em><\/a><\/p>\n<p><em>&nbsp;<\/em>LIFE TV \u2013 Online \u2013 31 d\u00e9cembre 2020<br \/>\n<a href=\"https:\/\/www.youtube.com\/watch?v=rijbJt6d_28\"><em>Justice juv\u00e9nile : des ONG sensibilisent les acteurs de la cha\u00eene p\u00e9nale<\/em><\/a><\/p>\n<h2>Le festival de films documentaires en ligne<\/h2>\n<p>FILM DOCUMENTAIRE \u2013 Online \u2013 4 ao\u00fbt 2020<br \/>\n<a href=\"http:\/\/www.film-documentaire.fr\/4DACTION\/w_fiche_festival\/2743_6064_1\"><em>Festival de films documentaires sur les droits de l&#8217;enfant<\/em><\/a><\/p>\n<p>FILM DOCUMENTAIRE \u2013 Online \u2013 28 ao\u00fbt 2020<br \/>\n<a href=\"http:\/\/www.film-documentaire.fr\/4DACTION\/w_fiche_actualite\/2597\"><em>Festival de films documentaires sur les droits de l&#8217;enfant<\/em><\/a><\/p>\n<p><em>&nbsp;<\/em>RCF RADIO \u2013 Radio \u2013 29 ao\u00fbt 2020<br \/>\n<em>L\u2019agenda du week-end<\/em><\/p>\n<p><em>&nbsp;<\/em>CFRT TV \u2013 Twitter \u2013 31 ao\u00fbt 2020<br \/>\n<em>Le @jourduseigneur soutient le #festival @OngBICE pour alerter sur les violations des #DroitsdelEnfant \u00e0 travers le monde.<\/em><\/p>\n<p>CFRT TV \u2013 Online \u2013 1er septembre 2020<br \/>\n<a href=\"https:\/\/www.cfrt.tv\/cfrt-les-partenariats-de-la-rentree\/\">Les partenariats de la rentr\u00e9e<\/a><\/p>\n<p><em>&nbsp;<\/em>LE JOUR DU SEIGNEUR \u2013 Facebook \u2013 2 septembre 2020<br \/>\n<em>La 2e \u00e9dition du festival en ligne de films documentaires sur les droits de l\u2019enfant ouvre aujourd\u2019hui !<\/em><\/p>\n<p><em>&nbsp;<\/em>SIGNIS \u2013 Online \u2013 4 septembre 2020<br \/>\n<a href=\"http:\/\/signis.net\/nouvelles\/culture\/04-09-2020\/2e-edition-du-festival-de-films-documentaires-sur-les-droits-de-lenfant\"><em>2e \u00e9dition du festival de films documentaires en ligne sur les droits de l\u2019enfant<\/em><\/a><\/p>\n<p><em>&nbsp;<\/em>T\u00c9L\u00c9RAMA SORTIES \u2013 Online \u2013 21 septembre 2020<br \/>\n<a href=\"https:\/\/sorties.telerama.fr\/prolongement-festival-de-films-documentaires-sur-les-droits-de-lenfant\"><em>Prolongement Festival de films documentaires sur les droits de l\u2019enfant<\/em><\/a><\/p>\n<p>RCF RADIO \u2013 Radio \u2013 22 septembre 2020<br \/>\n<a href=\"https:\/\/rcf.fr\/culture\/cinema\/defendre-les-droits-et-la-dignite-des-enfants-des-cineastes-s-engagent?fbclid=IwAR2dVUa137njug1mYSBcLleR97GNcSr6BZSkP5x2X-0kwTPBq_USZs1sPiQ\"><em>D\u00e9fendre les droits et la dignit\u00e9 des enfants&nbsp;: des cin\u00e9astes s\u2019engagent<\/em><\/a><\/p>\n<p><em>&nbsp;<\/em>LE JOUR DU SEIGNEUR \u2013 Facebook \u2013 24 septembre 2020<br \/>\n<em>Le festival de films documentaires sur les droits de l&#8217;enfant dont le Jour du Seigneur est partenaire se prolonge !<\/em><\/p>\n<h2>Festival Enfances dans le monde<\/h2>\n<p><em>&nbsp;<\/em>COLL\u00c8GE LYC\u00c9E BERNARD PALISSY \u2013 Online \u2013 28 janvier 2021<br \/>\n<em>BICE \u2013 Festival Enfances dans le Monde<\/em><\/p>\n","protected":false},"excerpt":{"rendered":"<p>ON PARLE DU BICE\u2026 Vous trouverez ci-dessous les revues de presse li\u00e9es aux actualit\u00e9s du BICE et aux \u00e9v\u00e9nements organis\u00e9s par l&#8217;association.<\/p>\n","protected":false},"author":19,"featured_media":46813,"parent":0,"menu_order":2,"comment_status":"closed","ping_status":"closed","template":"","meta":{"_acf_changed":false,"footnotes":""},"class_list":["post-56236","page","type-page","status-publish","has-post-thumbnail","hentry"],"acf":[],"yoast_head":"<!-- This site is optimized with the Yoast SEO plugin v27.2 - https:\/\/yoast.com\/product\/yoast-seo-wordpress\/ -->\n<title>Revues de presse 2020 - ONG protection droits de l&#039;enfant<\/title>\n<meta name=\"description\" content=\"ON PARLE DU BICE\u2026 Vous trouverez ci-dessous les revues de presse 2020 li\u00e9es aux actualit\u00e9s du BICE et aux \u00e9v\u00e9nements organis\u00e9s par l&#039;association.\" \/>\n<meta name=\"robots\" content=\"index, follow, max-snippet:-1, max-image-preview:large, max-video-preview:-1\" \/>\n<link rel=\"canonical\" href=\"https:\/\/bice.org\/fr\/wp-json\/wp\/v2\/pages\/56236\" \/>\n<meta property=\"og:locale\" content=\"fr_FR\" \/>\n<meta property=\"og:type\" content=\"article\" \/>\n<meta property=\"og:title\" content=\"Revues de presse 2020 - ONG protection droits de l&#039;enfant\" \/>\n<meta property=\"og:description\" content=\"ON PARLE DU BICE\u2026 Vous trouverez ci-dessous les revues de presse 2020 li\u00e9es aux actualit\u00e9s du BICE et aux \u00e9v\u00e9nements organis\u00e9s par l&#039;association.\" \/>\n<meta property=\"og:url\" content=\"https:\/\/bice.org\/fr\/revues-de-presse-2020\/\" \/>\n<meta property=\"og:site_name\" content=\"BICE - ONG de protection des droits de l&#039;enfant\" \/>\n<meta property=\"article:modified_time\" content=\"2024-09-11T10:50:37+00:00\" \/>\n<meta property=\"og:image\" content=\"https:\/\/i0.wp.com\/bice.org\/app\/uploads\/2020\/05\/convention-Lanzarote-e1726056699317.jpg?fit=760%2C432&ssl=1\" \/>\n\t<meta property=\"og:image:width\" content=\"760\" \/>\n\t<meta property=\"og:image:height\" content=\"432\" \/>\n\t<meta property=\"og:image:type\" content=\"image\/jpeg\" \/>\n<meta name=\"twitter:card\" content=\"summary_large_image\" \/>\n<meta name=\"twitter:label1\" content=\"Dur\u00e9e de lecture estim\u00e9e\" \/>\n\t<meta name=\"twitter:data1\" content=\"4 minutes\" \/>\n<!-- \/ Yoast SEO plugin. -->","yoast_head_json":{"title":"Revues de presse 2020 - ONG protection droits de l'enfant","description":"ON PARLE DU BICE\u2026 Vous trouverez ci-dessous les revues de presse 2020 li\u00e9es aux actualit\u00e9s du BICE et aux \u00e9v\u00e9nements organis\u00e9s par l'association.","robots":{"index":"index","follow":"follow","max-snippet":"max-snippet:-1","max-image-preview":"max-image-preview:large","max-video-preview":"max-video-preview:-1"},"canonical":"https:\/\/bice.org\/fr\/wp-json\/wp\/v2\/pages\/56236","og_locale":"fr_FR","og_type":"article","og_title":"Revues de presse 2020 - ONG protection droits de l'enfant","og_description":"ON PARLE DU BICE\u2026 Vous trouverez ci-dessous les revues de presse 2020 li\u00e9es aux actualit\u00e9s du BICE et aux \u00e9v\u00e9nements organis\u00e9s par l'association.","og_url":"https:\/\/bice.org\/fr\/revues-de-presse-2020\/","og_site_name":"BICE - ONG de protection des droits de l&#039;enfant","article_modified_time":"2024-09-11T10:50:37+00:00","og_image":[{"width":760,"height":432,"url":"https:\/\/i0.wp.com\/bice.org\/app\/uploads\/2020\/05\/convention-Lanzarote-e1726056699317.jpg?fit=760%2C432&ssl=1","type":"image\/jpeg"}],"twitter_card":"summary_large_image","twitter_misc":{"Dur\u00e9e de lecture estim\u00e9e":"4 minutes"},"schema":{"@context":"https:\/\/schema.org","@graph":[{"@type":"WebPage","@id":"https:\/\/bice.org\/fr\/revues-de-presse-2020\/","url":"https:\/\/bice.org\/fr\/revues-de-presse-2020\/","name":"Revues de presse 2020 - ONG protection droits de l'enfant","isPartOf":{"@id":"https:\/\/bice.org\/fr\/#website"},"primaryImageOfPage":{"@id":"https:\/\/bice.org\/fr\/revues-de-presse-2020\/#primaryimage"},"image":{"@id":"https:\/\/bice.org\/fr\/revues-de-presse-2020\/#primaryimage"},"thumbnailUrl":"https:\/\/i0.wp.com\/bice.org\/app\/uploads\/2020\/05\/convention-Lanzarote-e1726056699317.jpg?fit=760%2C432&ssl=1","datePublished":"2021-03-22T12:34:17+00:00","dateModified":"2024-09-11T10:50:37+00:00","description":"ON PARLE DU BICE\u2026 Vous trouverez ci-dessous les revues de presse 2020 li\u00e9es aux actualit\u00e9s du BICE et aux \u00e9v\u00e9nements organis\u00e9s par l'association.","breadcrumb":{"@id":"https:\/\/bice.org\/fr\/revues-de-presse-2020\/#breadcrumb"},"inLanguage":"fr-FR","potentialAction":[{"@type":"ReadAction","target":["https:\/\/bice.org\/fr\/revues-de-presse-2020\/"]}]},{"@type":"ImageObject","inLanguage":"fr-FR","@id":"https:\/\/bice.org\/fr\/revues-de-presse-2020\/#primaryimage","url":"https:\/\/i0.wp.com\/bice.org\/app\/uploads\/2020\/05\/convention-Lanzarote-e1726056699317.jpg?fit=760%2C432&ssl=1","contentUrl":"https:\/\/i0.wp.com\/bice.org\/app\/uploads\/2020\/05\/convention-Lanzarote-e1726056699317.jpg?fit=760%2C432&ssl=1","width":760,"height":432,"caption":"Convention Lanzarote"},{"@type":"BreadcrumbList","@id":"https:\/\/bice.org\/fr\/revues-de-presse-2020\/#breadcrumb","itemListElement":[{"@type":"ListItem","position":1,"name":"Accueil","item":"https:\/\/bice.org\/fr\/"},{"@type":"ListItem","position":2,"name":"Revues de presse 2020"}]},{"@type":"WebSite","@id":"https:\/\/bice.org\/fr\/#website","url":"https:\/\/bice.org\/fr\/","name":"BICE - ONG de protection des droits de l&#039;enfant","description":"Notre mission : D\u00e9fendre les droits et la dignit\u00e9 des enfants partout dans le monde","publisher":{"@id":"https:\/\/bice.org\/fr\/#organization"},"potentialAction":[{"@type":"SearchAction","target":{"@type":"EntryPoint","urlTemplate":"https:\/\/bice.org\/fr\/?s={search_term_string}"},"query-input":{"@type":"PropertyValueSpecification","valueRequired":true,"valueName":"search_term_string"}}],"inLanguage":"fr-FR"},{"@type":"Organization","@id":"https:\/\/bice.org\/fr\/#organization","name":"BICE","url":"https:\/\/bice.org\/fr\/","logo":{"@type":"ImageObject","inLanguage":"fr-FR","@id":"https:\/\/bice.org\/fr\/#\/schema\/logo\/image\/","url":"https:\/\/bice.org\/app\/uploads\/2022\/06\/favicon.ico","contentUrl":"https:\/\/bice.org\/app\/uploads\/2022\/06\/favicon.ico","width":64,"height":64,"caption":"BICE"},"image":{"@id":"https:\/\/bice.org\/fr\/#\/schema\/logo\/image\/"}}]}},"jetpack_sharing_enabled":true,"_links":{"self":[{"href":"https:\/\/bice.org\/fr\/wp-json\/wp\/v2\/pages\/56236","targetHints":{"allow":["GET"]}}],"collection":[{"href":"https:\/\/bice.org\/fr\/wp-json\/wp\/v2\/pages"}],"about":[{"href":"https:\/\/bice.org\/fr\/wp-json\/wp\/v2\/types\/page"}],"author":[{"embeddable":true,"href":"https:\/\/bice.org\/fr\/wp-json\/wp\/v2\/users\/19"}],"replies":[{"embeddable":true,"href":"https:\/\/bice.org\/fr\/wp-json\/wp\/v2\/comments?post=56236"}],"version-history":[{"count":0,"href":"https:\/\/bice.org\/fr\/wp-json\/wp\/v2\/pages\/56236\/revisions"}],"wp:featuredmedia":[{"embeddable":true,"href":"https:\/\/bice.org\/fr\/wp-json\/wp\/v2\/media\/46813"}],"wp:attachment":[{"href":"https:\/\/bice.org\/fr\/wp-json\/wp\/v2\/media?parent=56236"}],"curies":[{"name":"wp","href":"https:\/\/api.w.org\/{rel}","templated":true}]}}